{"id":2753,"date":"2024-10-07T15:58:45","date_gmt":"2024-10-07T13:58:45","guid":{"rendered":"https:\/\/benavente.developersasapglobalsolution.com\/ruta\/iberian-wolf-center-of-castilla-y-leon-felix-rodriguez-de-la-fuente\/"},"modified":"2024-10-08T16:15:52","modified_gmt":"2024-10-08T14:15:52","slug":"iberian-wolf-center-of-castilla-y-leon-felix-rodriguez-de-la-fuente","status":"publish","type":"ruta","link":"https:\/\/turismobenavente.es\/en\/route\/iberian-wolf-center-of-castilla-y-leon-felix-rodriguez-de-la-fuente\/","title":{"rendered":"Iberian Wolf Center of Castilla y Le\u00f3n &#8220;F\u00e9lix Rodr\u00edguez de la Fuente&#8221;."},"content":{"rendered":"\n<p>The Centro del Lobo Ib\u00e9rico de CyL &#8211; F\u00e9lix Rodr\u00edguez de la Fuente is an educational and socioeconomic resource linked to the Plan for the Conservation and Management of the wolf in Castilla y Le\u00f3n. It allows its visitors: <\/p>\n\n<ul class=\"wp-block-list\">\n<li>Enjoy the observation of Iberian wolves in semi-freedom conditions.<\/li>\n\n\n\n<li>To learn about their interesting biology and ecology, the plans that guarantee their conservation and management, and the rich cultural heritage derived from their relationship with human populations.<\/li>\n\n\n\n<li>To value the importance of the species as a dynamizing element of the rural environment.<\/li>\n\n\n\n<li>Access to the values and tourist resources of the natural area where it is located.<\/li>\n<\/ul>\n\n<p><strong>Link: <\/strong><a href=\"https:\/\/centrodellobo.es\/\">https:\/\/centrodellobo.es\/<\/a><strong><\/strong><\/p>\n","protected":false},"featured_media":2423,"template":"","meta":{"_acf_changed":false},"class_list":["post-2753","ruta","type-ruta","status-publish","has-post-thumbnail","hentry"],"acf":{"galeria":"","mapa":null,"direccion":"","localidad":"Robledo","duracion":"","horarios":""},"yoast_head":"<!-- This site is optimized with the Yoast SEO plugin v27.1.1 - https:\/\/yoast.com\/product\/yoast-seo-wordpress\/ -->\n<title>Iberian Wolf Center of Castilla y Le\u00f3n &quot;F\u00e9lix Rodr\u00edguez de la Fuente&quot;. - Turismo y Cultura Benavente<\/title>\n<meta name=\"robots\" content=\"noindex, follow, max-snippet:-1, max-image-preview:large, max-video-preview:-1\" \/>\n<meta property=\"og:locale\" content=\"en_US\" \/>\n<meta property=\"og:type\" content=\"article\" \/>\n<meta property=\"og:title\" content=\"Iberian Wolf Center of Castilla y Le\u00f3n &quot;F\u00e9lix Rodr\u00edguez de la Fuente&quot;. - Turismo y Cultura Benavente\" \/>\n<meta property=\"og:description\" content=\"The Centro del Lobo Ib\u00e9rico de CyL &#8211; F\u00e9lix Rodr\u00edguez de la Fuente is an educational and socioeconomic resource linked to the Plan for the Conservation and Management of the wolf in Castilla y Le\u00f3n. It allows its visitors: Link: https:\/\/centrodellobo.es\/\" \/>\n<meta property=\"og:url\" content=\"https:\/\/turismobenavente.es\/en\/route\/iberian-wolf-center-of-castilla-y-leon-felix-rodriguez-de-la-fuente\/\" \/>\n<meta property=\"og:site_name\" content=\"Turismo y Cultura Benavente\" \/>\n<meta property=\"article:modified_time\" content=\"2024-10-08T14:15:52+00:00\" \/>\n<meta property=\"og:image\" content=\"https:\/\/turismobenavente.es\/wp-content\/uploads\/2024\/10\/ruta_22.jpg\" \/>\n\t<meta property=\"og:image:width\" content=\"447\" \/>\n\t<meta property=\"og:image:height\" content=\"447\" \/>\n\t<meta property=\"og:image:type\" content=\"image\/jpeg\" \/>\n<meta name=\"twitter:card\" content=\"summary_large_image\" \/>\n<meta name=\"twitter:label1\" content=\"Est. reading time\" \/>\n\t<meta name=\"twitter:data1\" content=\"1 minute\" \/>\n<script type=\"application\/ld+json\" class=\"yoast-schema-graph\">{\"@context\":\"https:\/\/schema.org\",\"@graph\":[{\"@type\":\"WebPage\",\"@id\":\"https:\/\/turismobenavente.es\/en\/route\/iberian-wolf-center-of-castilla-y-leon-felix-rodriguez-de-la-fuente\/\",\"url\":\"https:\/\/turismobenavente.es\/en\/route\/iberian-wolf-center-of-castilla-y-leon-felix-rodriguez-de-la-fuente\/\",\"name\":\"Iberian Wolf Center of Castilla y Le\u00f3n \\\"F\u00e9lix Rodr\u00edguez de la Fuente\\\". - Turismo y Cultura Benavente\",\"isPartOf\":{\"@id\":\"https:\/\/turismobenavente.es\/en\/#website\"},\"primaryImageOfPage\":{\"@id\":\"https:\/\/turismobenavente.es\/en\/route\/iberian-wolf-center-of-castilla-y-leon-felix-rodriguez-de-la-fuente\/#primaryimage\"},\"image\":{\"@id\":\"https:\/\/turismobenavente.es\/en\/route\/iberian-wolf-center-of-castilla-y-leon-felix-rodriguez-de-la-fuente\/#primaryimage\"},\"thumbnailUrl\":\"https:\/\/turismobenavente.es\/wp-content\/uploads\/2024\/10\/ruta_22.jpg\",\"datePublished\":\"2024-10-07T13:58:45+00:00\",\"dateModified\":\"2024-10-08T14:15:52+00:00\",\"breadcrumb\":{\"@id\":\"https:\/\/turismobenavente.es\/en\/route\/iberian-wolf-center-of-castilla-y-leon-felix-rodriguez-de-la-fuente\/#breadcrumb\"},\"inLanguage\":\"en-US\",\"potentialAction\":[{\"@type\":\"ReadAction\",\"target\":[\"https:\/\/turismobenavente.es\/en\/route\/iberian-wolf-center-of-castilla-y-leon-felix-rodriguez-de-la-fuente\/\"]}]},{\"@type\":\"ImageObject\",\"inLanguage\":\"en-US\",\"@id\":\"https:\/\/turismobenavente.es\/en\/route\/iberian-wolf-center-of-castilla-y-leon-felix-rodriguez-de-la-fuente\/#primaryimage\",\"url\":\"https:\/\/turismobenavente.es\/wp-content\/uploads\/2024\/10\/ruta_22.jpg\",\"contentUrl\":\"https:\/\/turismobenavente.es\/wp-content\/uploads\/2024\/10\/ruta_22.jpg\",\"width\":447,\"height\":447},{\"@type\":\"BreadcrumbList\",\"@id\":\"https:\/\/turismobenavente.es\/en\/route\/iberian-wolf-center-of-castilla-y-leon-felix-rodriguez-de-la-fuente\/#breadcrumb\",\"itemListElement\":[{\"@type\":\"ListItem\",\"position\":1,\"name\":\"Portada\",\"item\":\"https:\/\/turismobenavente.es\/en\/\"},{\"@type\":\"ListItem\",\"position\":2,\"name\":\"Iberian Wolf Center of Castilla y Le\u00f3n \u00abF\u00e9lix Rodr\u00edguez de la Fuente\u00bb.\"}]},{\"@type\":\"WebSite\",\"@id\":\"https:\/\/turismobenavente.es\/en\/#website\",\"url\":\"https:\/\/turismobenavente.es\/en\/\",\"name\":\"Turismo y Cultura Benavente\",\"description\":\"\",\"publisher\":{\"@id\":\"https:\/\/turismobenavente.es\/en\/#organization\"},\"potentialAction\":[{\"@type\":\"SearchAction\",\"target\":{\"@type\":\"EntryPoint\",\"urlTemplate\":\"https:\/\/turismobenavente.es\/en\/?s={search_term_string}\"},\"query-input\":{\"@type\":\"PropertyValueSpecification\",\"valueRequired\":true,\"valueName\":\"search_term_string\"}}],\"inLanguage\":\"en-US\"},{\"@type\":\"Organization\",\"@id\":\"https:\/\/turismobenavente.es\/en\/#organization\",\"name\":\"Turismo y Cultura Benavente\",\"url\":\"https:\/\/turismobenavente.es\/en\/\",\"logo\":{\"@type\":\"ImageObject\",\"inLanguage\":\"en-US\",\"@id\":\"https:\/\/turismobenavente.es\/en\/#\/schema\/logo\/image\/\",\"url\":\"https:\/\/turismobenavente.es\/wp-content\/uploads\/2024\/09\/logo_header.svg\",\"contentUrl\":\"https:\/\/turismobenavente.es\/wp-content\/uploads\/2024\/09\/logo_header.svg\",\"caption\":\"Turismo y Cultura Benavente\"},\"image\":{\"@id\":\"https:\/\/turismobenavente.es\/en\/#\/schema\/logo\/image\/\"}}]}<\/script>\n<!-- \/ Yoast SEO plugin. -->","yoast_head_json":{"title":"Iberian Wolf Center of Castilla y Le\u00f3n \"F\u00e9lix Rodr\u00edguez de la Fuente\". - Turismo y Cultura Benavente","robots":{"index":"noindex","follow":"follow","max-snippet":"max-snippet:-1","max-image-preview":"max-image-preview:large","max-video-preview":"max-video-preview:-1"},"og_locale":"en_US","og_type":"article","og_title":"Iberian Wolf Center of Castilla y Le\u00f3n \"F\u00e9lix Rodr\u00edguez de la Fuente\". - Turismo y Cultura Benavente","og_description":"The Centro del Lobo Ib\u00e9rico de CyL &#8211; F\u00e9lix Rodr\u00edguez de la Fuente is an educational and socioeconomic resource linked to the Plan for the Conservation and Management of the wolf in Castilla y Le\u00f3n. It allows its visitors: Link: https:\/\/centrodellobo.es\/","og_url":"https:\/\/turismobenavente.es\/en\/route\/iberian-wolf-center-of-castilla-y-leon-felix-rodriguez-de-la-fuente\/","og_site_name":"Turismo y Cultura Benavente","article_modified_time":"2024-10-08T14:15:52+00:00","og_image":[{"width":447,"height":447,"url":"https:\/\/turismobenavente.es\/wp-content\/uploads\/2024\/10\/ruta_22.jpg","type":"image\/jpeg"}],"twitter_card":"summary_large_image","twitter_misc":{"Est. reading time":"1 minute"},"schema":{"@context":"https:\/\/schema.org","@graph":[{"@type":"WebPage","@id":"https:\/\/turismobenavente.es\/en\/route\/iberian-wolf-center-of-castilla-y-leon-felix-rodriguez-de-la-fuente\/","url":"https:\/\/turismobenavente.es\/en\/route\/iberian-wolf-center-of-castilla-y-leon-felix-rodriguez-de-la-fuente\/","name":"Iberian Wolf Center of Castilla y Le\u00f3n \"F\u00e9lix Rodr\u00edguez de la Fuente\". - Turismo y Cultura Benavente","isPartOf":{"@id":"https:\/\/turismobenavente.es\/en\/#website"},"primaryImageOfPage":{"@id":"https:\/\/turismobenavente.es\/en\/route\/iberian-wolf-center-of-castilla-y-leon-felix-rodriguez-de-la-fuente\/#primaryimage"},"image":{"@id":"https:\/\/turismobenavente.es\/en\/route\/iberian-wolf-center-of-castilla-y-leon-felix-rodriguez-de-la-fuente\/#primaryimage"},"thumbnailUrl":"https:\/\/turismobenavente.es\/wp-content\/uploads\/2024\/10\/ruta_22.jpg","datePublished":"2024-10-07T13:58:45+00:00","dateModified":"2024-10-08T14:15:52+00:00","breadcrumb":{"@id":"https:\/\/turismobenavente.es\/en\/route\/iberian-wolf-center-of-castilla-y-leon-felix-rodriguez-de-la-fuente\/#breadcrumb"},"inLanguage":"en-US","potentialAction":[{"@type":"ReadAction","target":["https:\/\/turismobenavente.es\/en\/route\/iberian-wolf-center-of-castilla-y-leon-felix-rodriguez-de-la-fuente\/"]}]},{"@type":"ImageObject","inLanguage":"en-US","@id":"https:\/\/turismobenavente.es\/en\/route\/iberian-wolf-center-of-castilla-y-leon-felix-rodriguez-de-la-fuente\/#primaryimage","url":"https:\/\/turismobenavente.es\/wp-content\/uploads\/2024\/10\/ruta_22.jpg","contentUrl":"https:\/\/turismobenavente.es\/wp-content\/uploads\/2024\/10\/ruta_22.jpg","width":447,"height":447},{"@type":"BreadcrumbList","@id":"https:\/\/turismobenavente.es\/en\/route\/iberian-wolf-center-of-castilla-y-leon-felix-rodriguez-de-la-fuente\/#breadcrumb","itemListElement":[{"@type":"ListItem","position":1,"name":"Portada","item":"https:\/\/turismobenavente.es\/en\/"},{"@type":"ListItem","position":2,"name":"Iberian Wolf Center of Castilla y Le\u00f3n \u00abF\u00e9lix Rodr\u00edguez de la Fuente\u00bb."}]},{"@type":"WebSite","@id":"https:\/\/turismobenavente.es\/en\/#website","url":"https:\/\/turismobenavente.es\/en\/","name":"Turismo y Cultura Benavente","description":"","publisher":{"@id":"https:\/\/turismobenavente.es\/en\/#organization"},"potentialAction":[{"@type":"SearchAction","target":{"@type":"EntryPoint","urlTemplate":"https:\/\/turismobenavente.es\/en\/?s={search_term_string}"},"query-input":{"@type":"PropertyValueSpecification","valueRequired":true,"valueName":"search_term_string"}}],"inLanguage":"en-US"},{"@type":"Organization","@id":"https:\/\/turismobenavente.es\/en\/#organization","name":"Turismo y Cultura Benavente","url":"https:\/\/turismobenavente.es\/en\/","logo":{"@type":"ImageObject","inLanguage":"en-US","@id":"https:\/\/turismobenavente.es\/en\/#\/schema\/logo\/image\/","url":"https:\/\/turismobenavente.es\/wp-content\/uploads\/2024\/09\/logo_header.svg","contentUrl":"https:\/\/turismobenavente.es\/wp-content\/uploads\/2024\/09\/logo_header.svg","caption":"Turismo y Cultura Benavente"},"image":{"@id":"https:\/\/turismobenavente.es\/en\/#\/schema\/logo\/image\/"}}]}},"_links":{"self":[{"href":"https:\/\/turismobenavente.es\/en\/wp-json\/wp\/v2\/ruta\/2753","targetHints":{"allow":["GET"]}}],"collection":[{"href":"https:\/\/turismobenavente.es\/en\/wp-json\/wp\/v2\/ruta"}],"about":[{"href":"https:\/\/turismobenavente.es\/en\/wp-json\/wp\/v2\/types\/ruta"}],"wp:featuredmedia":[{"embeddable":true,"href":"https:\/\/turismobenavente.es\/en\/wp-json\/wp\/v2\/media\/2423"}],"wp:attachment":[{"href":"https:\/\/turismobenavente.es\/en\/wp-json\/wp\/v2\/media?parent=2753"}],"curies":[{"name":"wp","href":"https:\/\/api.w.org\/{rel}","templated":true}]}}